{"id":81,"date":"2022-01-11T12:12:29","date_gmt":"2022-01-11T12:12:29","guid":{"rendered":"http:\/\/bitacoras.ceipdeolveira.org\/cursoradio\/?page_id=81"},"modified":"2022-01-21T11:35:29","modified_gmt":"2022-01-21T11:35:29","slug":"inicio","status":"publish","type":"page","link":"https:\/\/bitacoras.ceipdeolveira.org\/cursoradio\/","title":{"rendered":"<center>BENVIDAS\/OS<\/center>"},"content":{"rendered":"\n<div class=\"wp-block-image\"><figure class=\"aligncenter size-large is-resized\"><img loading=\"lazy\" decoding=\"async\" src=\"https:\/\/bitacoras.ceipdeolveira.org\/cursoradio\/wp-content\/uploads\/sites\/24\/2022\/01\/rad-1.jpg\" alt=\"\" class=\"wp-image-93\" width=\"370\" height=\"266\"\/><\/figure><\/div>\n\n\n\n<p class=\"has-text-align-center has-small-font-size\"><strong>IMAXEN<\/strong><br><a href=\"https:\/\/pixabay.com\/es\/users\/pixel2013-2364555\/\">pixel2013<\/a>, <em>Radio Retro Generaciones Pasado<\/em>, en\u00a0<a href=\"https:\/\/pixabay.com\/es\/photos\/radio-retro-generaciones-pasado-4672250\/\">pixabay.com<\/a>, licenza\u00a0<a href=\"https:\/\/pixabay.com\/es\/service\/license\/\">CC 0<\/a><\/p>\n\n\n\n<hr class=\"wp-block-separator\"\/>\n\n\n\n<p>Benvidos\/as a esta bit\u00e1cora que pretende ser un punto de encontro e un repositorio de material, titoriais,&#8230; para todas e todos os que estamos interesados no Mundo da Radio Escolar.<\/p>\n\n\n\n<p>Para calquera consulta, anotaci\u00f3n, aclaraci\u00f3n ou aporte, deix\u00e1mosvos aqu\u00ed o seguinte correo electr\u00f3nico.<\/p>\n\n\n\n<hr class=\"wp-block-separator\"\/>\n\n\n\n<p class=\"has-text-align-center\"><a href=\"mailto:supercoleondas@gmail.com\"><strong>supercoleondas@gmail.com<\/strong><\/a><\/p>\n\n\n\n<hr class=\"wp-block-separator\"\/>\n\n\n\n<p><\/p>\n","protected":false},"excerpt":{"rendered":"<p>IMAXENpixel2013, Radio Retro Generaciones Pasado, en\u00a0pixabay.com, licenza\u00a0CC 0 Benvidos\/as a esta bit\u00e1cora que pretende ser un punto de encontro e un repositorio de material, titoriais,&#8230; para todas e todos os que estamos interesados no Mundo da Radio Escolar. Para calquera &hellip; <a href=\"https:\/\/bitacoras.ceipdeolveira.org\/cursoradio\/\">Sigue lendo <span class=\"meta-nav\">&rarr;<\/span><\/a><\/p>\n","protected":false},"author":18,"featured_media":0,"parent":0,"menu_order":0,"comment_status":"closed","ping_status":"closed","template":"","meta":{"footnotes":""},"class_list":["post-81","page","type-page","status-publish","hentry"],"_links":{"self":[{"href":"https:\/\/bitacoras.ceipdeolveira.org\/cursoradio\/wp-json\/wp\/v2\/pages\/81","targetHints":{"allow":["GET"]}}],"collection":[{"href":"https:\/\/bitacoras.ceipdeolveira.org\/cursoradio\/wp-json\/wp\/v2\/pages"}],"about":[{"href":"https:\/\/bitacoras.ceipdeolveira.org\/cursoradio\/wp-json\/wp\/v2\/types\/page"}],"author":[{"embeddable":true,"href":"https:\/\/bitacoras.ceipdeolveira.org\/cursoradio\/wp-json\/wp\/v2\/users\/18"}],"replies":[{"embeddable":true,"href":"https:\/\/bitacoras.ceipdeolveira.org\/cursoradio\/wp-json\/wp\/v2\/comments?post=81"}],"version-history":[{"count":11,"href":"https:\/\/bitacoras.ceipdeolveira.org\/cursoradio\/wp-json\/wp\/v2\/pages\/81\/revisions"}],"predecessor-version":[{"id":448,"href":"https:\/\/bitacoras.ceipdeolveira.org\/cursoradio\/wp-json\/wp\/v2\/pages\/81\/revisions\/448"}],"wp:attachment":[{"href":"https:\/\/bitacoras.ceipdeolveira.org\/cursoradio\/wp-json\/wp\/v2\/media?parent=81"}],"curies":[{"name":"wp","href":"https:\/\/api.w.org\/{rel}","templated":true}]}}