{"id":95,"date":"2020-02-28T09:45:18","date_gmt":"2020-02-28T09:45:18","guid":{"rendered":"https:\/\/bitacoras.ceipdeolveira.org\/voznatura\/?page_id=95"},"modified":"2020-02-28T09:45:19","modified_gmt":"2020-02-28T09:45:19","slug":"limoeiro","status":"publish","type":"page","link":"https:\/\/bitacoras.ceipdeolveira.org\/voznatura\/limoeiro\/","title":{"rendered":"LIMOEIRO"},"content":{"rendered":"\n<figure class=\"wp-block-image size-large\"><img loading=\"lazy\" decoding=\"async\" width=\"960\" height=\"641\" src=\"https:\/\/bitacoras.ceipdeolveira.org\/voznatura\/wp-content\/uploads\/sites\/20\/2020\/02\/limoeiro.jpg\" alt=\"\" class=\"wp-image-96\" srcset=\"https:\/\/bitacoras.ceipdeolveira.org\/voznatura\/wp-content\/uploads\/sites\/20\/2020\/02\/limoeiro.jpg 960w, https:\/\/bitacoras.ceipdeolveira.org\/voznatura\/wp-content\/uploads\/sites\/20\/2020\/02\/limoeiro-300x200.jpg 300w, https:\/\/bitacoras.ceipdeolveira.org\/voznatura\/wp-content\/uploads\/sites\/20\/2020\/02\/limoeiro-768x513.jpg 768w, https:\/\/bitacoras.ceipdeolveira.org\/voznatura\/wp-content\/uploads\/sites\/20\/2020\/02\/limoeiro-449x300.jpg 449w\" sizes=\"auto, (max-width: 960px) 100vw, 960px\" \/><figcaption><a href=\"https:\/\/pixabay.com\/users\/SpencerWing-4260422\/\">SpencerWing<\/a>, <em>&#8220;Sen t\u00edtulo&#8221;<\/em>, en <a href=\"https:\/\/pixabay.com\/photos\/lemons-lemon-tree-citrus-natural-2825835\/\">pixabay.org<\/a>, licenza <a href=\"https:\/\/pixabay.com\/es\/service\/license\/\">Pixabay License<\/a><\/figcaption><\/figure>\n\n\n\n<p>O limoeiro[2]\n(Citrus limon) \u00e9 unha pequena \u00e1rbore perenne, da familia das\nrut\u00e1ceas, que pode alcanzar os 6 m de altura; pos\u00fae cortiza lisa e\nmadeira dura e amarelenta moi apreciada para traballos de\nebanistar\u00eda. Forma unha copa aberta con gran profusi\u00f3n de p\u00f3las,\nas s\u00faas follas son el\u00edpticas, cori\u00e1ceas de cor verde mate (de 5 a\n10 cm), acabadas en punta e con bordos ondulados ou finamente\ndentados. As arom\u00e1ticas flores presentan grosos p\u00e9talos brancos\ntinxidos de rosa ou violeta na parte externa, con numerosos estames\n(20-40). Xorden illadas ou formando pares a partir de xemas\ncoloradas.<\/p>\n\n\n\n<p>O limoeiro \u00e9\norixinario de Asia e foi desco\u00f1ecido por gregos e romanos, sendo\nmencionado por primeira vez no libro sobre agricultura Nabathae\ncontra os s\u00e9culos III ou IV. O seu cultivo non foi desenvolvido no\noeste at\u00e9 despois da conquista \u00e1rabe, estend\u00e9ndose ent\u00f3n por toda\na costa mediterr\u00e1nea onde se cultiva abundantemente, debido \u00e1\nbenignidade do clima, para consumo interno e de exportaci\u00f3n.<\/p>\n\n\n\n<p>O seu froito, o\nlim\u00f3n, pos\u00fae un alto contido en vitamina C (501,6 miligramos) e\n\u00e1cido c\u00edtrico (49,88 gramos) por litro. Util\u00edzase para elaborar\nsobremesas ou bebidas naturais como a limoada. Era moi utilizado\nentre os antigos mari\u00f1eiros que pasaban longos per\u00edodos no mar sen\nacceso a outras froitas ou hortalizas, para evitar o escorbuto.<\/p>\n\n\n\n<p>Existe unha ampla\ngama de variedades de limoeiros, existindo lim\u00f3ns doces (m\u00e1is\ngrandes e con pel agrad\u00e1bel) e lim\u00f3ns de tama\u00f1o medio (m\u00e1is\nagres). Hai variedades de colleita estacional (no outono e inverno),\ne hai outros de colleita perpetua (case todo o ano).<\/p>\n\n\n\n<p>Tam\u00e9n hai\nvariedades de lima, que son uns pequenos lim\u00f3ns de cor verde e moito\nm\u00e1is agres. En Am\u00e9rica son moi populares. \n<\/p>\n\n\n\n<p>O limoeiro \u00e9 unha\n\u00e1rbore perenne, a mi\u00fado con espi\u00f1as, que pode acadar os catro\nmetros de altura, coa copa aberta moi ramificada. As s\u00faas follas son\nalternas, simples, cori\u00e1ceas, con limbo el\u00edptico de marxe m\u00e1is ou\nmenos pechado, glanduloso e que, \u00e1 s\u00faa vez cont\u00e9n unha nervaci\u00f3n\npenninervial, a inserci\u00f3n do seu talo \u00e9 peciolada e a s\u00faa\ndisposici\u00f3n \u00e9 alterna. \u00c9 de cor verde mate lustroso duns 5\u201310 cm\nde longo e con pec\u00edolo cil\u00edndrico articulado.<\/p>\n\n\n\n<p>As flores son\nsolitarias ou organ\u00edzanse en pares ou inflorescencias curtas\ncorimbosas axilares. O c\u00e1liz ten entre catro e sete (xeralmente\ncinco) s\u00e9palos de forma triangular soldados entre si e a corola est\u00e1\nformada por igual n\u00famero de p\u00e9talos, libres, el\u00edpticos alongados,\nespesos, externamente glandulosos, brancos tinguidos de rosa ou\nviol\u00e1ceo no env\u00e9s. O androceo est\u00e1 formado por numerosos estames\n(20\u2013100) e o xineceo presenta un ovario \u00ednfero con estilo groso\nrematado por un estigma mazudo m\u00e1is ou menos lobulado. Ese ovario\nderiva nun froito bacciforme en hesperidio con ata 18 l\u00f3culos. As\ns\u00faas sementes, que poden faltar por partenocarpia, son de forma m\u00e1is\nou menos ovoide, abrancazadas ou amareladas, centim\u00e9tricas, sucadas\nirregularmente e lonxitudinalmente.[3] \n<\/p>\n\n\n\n<p>Notas<\/p>\n\n\n\n<p>[2]  Definici\u00f3ns no\nDicionario da Real Academia Galega e no Portal das Palabras para\nlimoeiro.<\/p>\n\n\n\n<p>[3]  Citrus en Flora Ib\u00e9rica, RJB\/CSIC, Madrid.<\/p>\n\n\n\n<p>FONTE: <a href=\"https:\/\/gl.wikipedia.org\/wiki\/Limoeiro\">http:\/\/wikipedia.org<\/a><\/p>\n","protected":false},"excerpt":{"rendered":"<p>O limoeiro[2] (Citrus limon) \u00e9 unha pequena \u00e1rbore perenne, da familia das rut\u00e1ceas, que pode alcanzar os 6 m de altura; pos\u00fae cortiza lisa e madeira dura e amarelenta moi apreciada para traballos de ebanistar\u00eda. Forma unha copa aberta con &hellip; <a href=\"https:\/\/bitacoras.ceipdeolveira.org\/voznatura\/limoeiro\/\">Sigue lendo <span class=\"meta-nav\">&rarr;<\/span><\/a><\/p>\n","protected":false},"author":18,"featured_media":0,"parent":0,"menu_order":0,"comment_status":"closed","ping_status":"closed","template":"","meta":{"footnotes":""},"class_list":["post-95","page","type-page","status-publish","hentry"],"_links":{"self":[{"href":"https:\/\/bitacoras.ceipdeolveira.org\/voznatura\/wp-json\/wp\/v2\/pages\/95","targetHints":{"allow":["GET"]}}],"collection":[{"href":"https:\/\/bitacoras.ceipdeolveira.org\/voznatura\/wp-json\/wp\/v2\/pages"}],"about":[{"href":"https:\/\/bitacoras.ceipdeolveira.org\/voznatura\/wp-json\/wp\/v2\/types\/page"}],"author":[{"embeddable":true,"href":"https:\/\/bitacoras.ceipdeolveira.org\/voznatura\/wp-json\/wp\/v2\/users\/18"}],"replies":[{"embeddable":true,"href":"https:\/\/bitacoras.ceipdeolveira.org\/voznatura\/wp-json\/wp\/v2\/comments?post=95"}],"version-history":[{"count":1,"href":"https:\/\/bitacoras.ceipdeolveira.org\/voznatura\/wp-json\/wp\/v2\/pages\/95\/revisions"}],"predecessor-version":[{"id":97,"href":"https:\/\/bitacoras.ceipdeolveira.org\/voznatura\/wp-json\/wp\/v2\/pages\/95\/revisions\/97"}],"wp:attachment":[{"href":"https:\/\/bitacoras.ceipdeolveira.org\/voznatura\/wp-json\/wp\/v2\/media?parent=95"}],"curies":[{"name":"wp","href":"https:\/\/api.w.org\/{rel}","templated":true}]}}